{"id":57,"date":"2023-10-03T19:33:44","date_gmt":"2023-10-03T19:33:44","guid":{"rendered":"https:\/\/grupoairsafety.com.br\/site\/descartavel-linha-maskface\/"},"modified":"2025-09-05T01:18:48","modified_gmt":"2025-09-05T01:18:48","slug":"descartavel-linha-maskface","status":"publish","type":"page","link":"https:\/\/grupoairsafety.com.br\/site\/descartavel-linha-maskface\/","title":{"rendered":"Descart\u00e1vel &#8211; Linha Maskface"},"content":{"rendered":"<div class=\"jf_typo_title\" style=\"margin: 5px 0 20px 0;\">\n<p class=\"MsoNormal\">Respire melhor e com maior confian\u00e7a, ao utilizar a m\u00e1scara descart\u00e1vel MASKFACE. Mais uma novidade da AIR SAFETY, de avan\u00e7ada tecnologia que deixa para tr\u00e1s qualquer outro produto similar.<\/p>\n<\/div>\n<p>Com seu design exclusivo, de perfeita ergonomia e comprovada performance, chega ao mercado para que n\u00e3o haja d\u00favidas na hora de escolher seu respirador semifacial descart\u00e1vel.<\/p>\n<p>Modelos:<\/p>\n<p><img loading=\"lazy\" decoding=\"async\" class=\"wp-image-781 aligncenter\" src=\"https:\/\/grupoairsafety.com.br\/site\/wp-content\/uploads\/2023\/06\/MaskFace_PFF-1S_2_Respirador.jpg\" alt=\"\" width=\"274\" height=\"274\" srcset=\"https:\/\/grupoairsafety.com.br\/site\/wp-content\/uploads\/2023\/06\/MaskFace_PFF-1S_2_Respirador.jpg 268w, https:\/\/grupoairsafety.com.br\/site\/wp-content\/uploads\/2023\/06\/MaskFace_PFF-1S_2_Respirador-150x150.jpg 150w\" sizes=\"auto, (max-width: 274px) 100vw, 274px\" \/><\/p>\n<p><strong>MASKFACE PFF1S AZUL ROYAL <\/strong><span style=\"font-size: revert; color: initial;\"><strong> | SEM VALVULA C\u00d3D: 515077<\/strong> | <\/span><a style=\"font-size: revert;\" href=\"https:\/\/grupoairsafety.com.br\/site\/ca\/CA_38950.pdf\" target=\"_blank\" rel=\"noopener\">CA N\u00ba 38950<\/a><span style=\"font-size: revert; color: initial;\">\u00a0\u00a0 *<\/span><a style=\"font-size: revert;\" href=\"https:\/\/grupoairsafety.com.br\/site\/et\/MASKFACE_PFF1_SV.pdf\" target=\"_blank\" rel=\"noopener\">Especifica\u00e7\u00e3o T\u00e9cnica<\/a><\/p>\n<p><!--more--><\/p>\n<p><img loading=\"lazy\" decoding=\"async\" class=\"wp-image-787 aligncenter\" src=\"https:\/\/grupoairsafety.com.br\/site\/wp-content\/uploads\/2023\/06\/MaskFace_PFF-1S_CV_Respirador_2.jpg\" alt=\"\" width=\"283\" height=\"283\" srcset=\"https:\/\/grupoairsafety.com.br\/site\/wp-content\/uploads\/2023\/06\/MaskFace_PFF-1S_CV_Respirador_2.jpg 273w, https:\/\/grupoairsafety.com.br\/site\/wp-content\/uploads\/2023\/06\/MaskFace_PFF-1S_CV_Respirador_2-150x150.jpg 150w\" sizes=\"auto, (max-width: 283px) 100vw, 283px\" \/><\/p>\n<p><span style=\"font-size: revert; color: initial;\"><strong>MASKFACE PFF-1S AZUL ROYAL I COM VALVULA C\u00d3D: 515078<\/strong> | <\/span><a style=\"font-size: revert;\" href=\"https:\/\/grupoairsafety.com.br\/site\/ca\/CA_38951.pdf\" target=\"_blank\" rel=\"noopener\">CA N\u00ba 38951<\/a><span style=\"font-size: revert; color: initial;\">\u00a0\u00a0 *<\/span><a style=\"font-size: revert;\" href=\"https:\/\/grupoairsafety.com.br\/site\/et\/MASKFACE_PFF1_CV.pdf\" target=\"_blank\" rel=\"noopener\">Especifica\u00e7\u00e3o T\u00e9cnica<\/a><\/p>\n<p><!--more--><\/p>\n<p><img loading=\"lazy\" decoding=\"async\" class=\"wp-image-793 aligncenter\" src=\"https:\/\/grupoairsafety.com.br\/site\/wp-content\/uploads\/2023\/06\/MaskFace_PFF-2S_Listrada_CV2.jpg\" alt=\"\" width=\"280\" height=\"280\" srcset=\"https:\/\/grupoairsafety.com.br\/site\/wp-content\/uploads\/2023\/06\/MaskFace_PFF-2S_Listrada_CV2.jpg 265w, https:\/\/grupoairsafety.com.br\/site\/wp-content\/uploads\/2023\/06\/MaskFace_PFF-2S_Listrada_CV2-150x150.jpg 150w\" sizes=\"auto, (max-width: 280px) 100vw, 280px\" \/><\/p>\n<p><span style=\"font-size: revert; color: initial;\"><strong>MASKFACE PFF2-S LISTRADA | COM V\u00c1LVULA C\u00f3d: 515080<\/strong> | <\/span><a style=\"font-size: revert;\" href=\"https:\/\/grupoairsafety.com.br\/site\/ca\/CA_38954.pdf\" target=\"_blank\" rel=\"noopener\">CA N\u00ba 38954<\/a><span style=\"font-size: revert; color: initial;\">\u00a0\u00a0 *<\/span><a style=\"font-size: revert;\" href=\"https:\/\/grupoairsafety.com.br\/site\/et\/MASKFACE_PFF2_CV_LISTRADA.pdf\" target=\"_blank\" rel=\"noopener\">Especifica\u00e7\u00e3o T\u00e9cnica<\/a><\/p>\n<p><!--more--><\/p>\n<p><img loading=\"lazy\" decoding=\"async\" class=\"wp-image-777 aligncenter\" src=\"https:\/\/grupoairsafety.com.br\/site\/wp-content\/uploads\/2023\/06\/MaskFace_PFF-2S_Azulao-Respirador-descartavel-sem-valvula-3.jpg\" alt=\"\" width=\"282\" height=\"282\" srcset=\"https:\/\/grupoairsafety.com.br\/site\/wp-content\/uploads\/2023\/06\/MaskFace_PFF-2S_Azulao-Respirador-descartavel-sem-valvula-3.jpg 264w, https:\/\/grupoairsafety.com.br\/site\/wp-content\/uploads\/2023\/06\/MaskFace_PFF-2S_Azulao-Respirador-descartavel-sem-valvula-3-150x150.jpg 150w\" sizes=\"auto, (max-width: 282px) 100vw, 282px\" \/><\/p>\n<p><span style=\"font-size: revert; color: initial;\"><strong>MASKFACE PFF2-S AZUL ROYAL | SEM V\u00c1LVULA C\u00f3d: 515093<\/strong> | <\/span><a style=\"font-size: revert;\" href=\"https:\/\/grupoairsafety.com.br\/site\/ca\/CA_38955.pdf\" target=\"_blank\" rel=\"noopener\">CA N\u00ba 38955<\/a><span style=\"font-size: revert; color: initial;\"> \u00a0 *<\/span><a style=\"font-size: revert;\" href=\"https:\/\/grupoairsafety.com.br\/site\/et\/MASKFACE_PFF2_SV.pdf\" target=\"_blank\" rel=\"noopener\">Especifica\u00e7\u00e3o T\u00e9cnica<\/a><\/p>\n<p><img loading=\"lazy\" decoding=\"async\" class=\"size-full wp-image-796 aligncenter\" src=\"https:\/\/grupoairsafety.com.br\/site\/wp-content\/uploads\/2023\/06\/MaskFace_PFF-2S_CV1.jpg\" alt=\"\" width=\"262\" height=\"262\" srcset=\"https:\/\/grupoairsafety.com.br\/site\/wp-content\/uploads\/2023\/06\/MaskFace_PFF-2S_CV1.jpg 262w, https:\/\/grupoairsafety.com.br\/site\/wp-content\/uploads\/2023\/06\/MaskFace_PFF-2S_CV1-150x150.jpg 150w\" sizes=\"auto, (max-width: 262px) 100vw, 262px\" \/><\/p>\n<p><span style=\"font-size: revert; color: initial;\"><strong>MASKFACE PFF2-S AZUL ROYAL | COM V\u00c1LVULA C\u00f3d: 515094<\/strong> | <\/span><a style=\"font-size: revert;\" href=\"https:\/\/grupoairsafety.com.br\/site\/ca\/CA_38954.pdf\" target=\"_blank\" rel=\"noopener\">CA N\u00ba 38954<\/a><span style=\"font-size: revert; color: initial;\">\u00a0 \u00a0 *<\/span><a style=\"font-size: revert;\" href=\"https:\/\/grupoairsafety.com.br\/site\/et\/MASKFACE_PFF2_CV.pdf\" target=\"_blank\" rel=\"noopener\">Especifica\u00e7\u00e3o T\u00e9cnica<\/a><\/p>\n<p><img loading=\"lazy\" decoding=\"async\" class=\"size-full wp-image-799 aligncenter\" src=\"https:\/\/grupoairsafety.com.br\/site\/wp-content\/uploads\/2023\/06\/MaskFace_PFF-2S_Branca_1.jpg\" alt=\"\" width=\"260\" height=\"260\" srcset=\"https:\/\/grupoairsafety.com.br\/site\/wp-content\/uploads\/2023\/06\/MaskFace_PFF-2S_Branca_1.jpg 260w, https:\/\/grupoairsafety.com.br\/site\/wp-content\/uploads\/2023\/06\/MaskFace_PFF-2S_Branca_1-150x150.jpg 150w\" sizes=\"auto, (max-width: 260px) 100vw, 260px\" \/><\/p>\n<p><span style=\"font-size: revert; color: initial;\"><strong>MASKFACE PFF2-S BRANCA | SEM V\u00c1LVULA C\u00f3d: 515207<\/strong> | <\/span><a style=\"font-size: revert;\" href=\"https:\/\/grupoairsafety.com.br\/site\/ca\/CA_38955.pdf\" target=\"_blank\" rel=\"noopener\">CA N\u00ba 38955 <\/a><span style=\"font-size: revert; color: initial;\">\u00a0 \u00a0*<\/span><a style=\"font-size: revert;\" href=\"https:\/\/grupoairsafety.com.br\/site\/et\/MASKFACE_PFF2_Branca_SV.pdf\" target=\"_blank\" rel=\"noopener\">Especifica\u00e7\u00e3o T\u00e9cnica<\/a><\/p>\n<p><img loading=\"lazy\" decoding=\"async\" class=\"wp-image-803 aligncenter\" src=\"https:\/\/grupoairsafety.com.br\/site\/wp-content\/uploads\/2023\/06\/MaskFace_PFF-3S_Branca_2.jpg\" alt=\"\" width=\"270\" height=\"270\" srcset=\"https:\/\/grupoairsafety.com.br\/site\/wp-content\/uploads\/2023\/06\/MaskFace_PFF-3S_Branca_2.jpg 263w, https:\/\/grupoairsafety.com.br\/site\/wp-content\/uploads\/2023\/06\/MaskFace_PFF-3S_Branca_2-150x150.jpg 150w\" sizes=\"auto, (max-width: 270px) 100vw, 270px\" \/><\/p>\n<div class=\"jf_typo_title\" style=\"margin: 5px 0 20px 0;\">\n<p><strong>MASKFACE PFF3S BRANCA | COM V\u00c1LVULA C\u00f3d: 515104<\/strong> | <a href=\"https:\/\/grupoairsafety.com.br\/site\/ca\/CA_9246.pdf\" target=\"_blank\" rel=\"noopener\">CA N\u00ba 9246<\/a>\u00a0\u00a0 <a href=\"https:\/\/grupoairsafety.com.br\/site\/et\/MASKFACE_PFF3_CV.pdf\" target=\"_blank\" rel=\"noopener\">*Especifica\u00e7\u00e3o T\u00e9cnica<\/a><\/p>\n<p><img loading=\"lazy\" decoding=\"async\" class=\"size-full wp-image-806 aligncenter\" src=\"https:\/\/grupoairsafety.com.br\/site\/wp-content\/uploads\/2023\/06\/MaskFace_PFF-2S_Plus_Azul1.jpg\" alt=\"\" width=\"262\" height=\"262\" srcset=\"https:\/\/grupoairsafety.com.br\/site\/wp-content\/uploads\/2023\/06\/MaskFace_PFF-2S_Plus_Azul1.jpg 262w, https:\/\/grupoairsafety.com.br\/site\/wp-content\/uploads\/2023\/06\/MaskFace_PFF-2S_Plus_Azul1-150x150.jpg 150w\" sizes=\"auto, (max-width: 262px) 100vw, 262px\" \/><\/p>\n<\/div>\n<div class=\"jf_typo_title\" style=\"margin: 5px 0 20px 0;\">\n<p><strong>MASKFACE PFF2S PLUS AZUL | SEM V\u00c1LVULA<\/strong> C\u00f3d: 515105 | <a href=\"https:\/\/grupoairsafety.com.br\/site\/ca\/CA_38952.pdf\" target=\"_blank\" rel=\"noopener\">CA N\u00ba 38952\u00a0<\/a>\u00a0 *<a href=\"https:\/\/grupoairsafety.com.br\/site\/et\/MASKFACE_PFF2_PLUS_SV.pdf\" target=\"_blank\" rel=\"noopener\">Especifica\u00e7\u00e3o T\u00e9cnica<\/a><\/p>\n<p><img loading=\"lazy\" decoding=\"async\" class=\"size-full wp-image-810 aligncenter\" src=\"https:\/\/grupoairsafety.com.br\/site\/wp-content\/uploads\/2023\/06\/MaskFace_PFF-2S_Plus_Azul_cv1.jpg\" alt=\"\" width=\"257\" height=\"257\" srcset=\"https:\/\/grupoairsafety.com.br\/site\/wp-content\/uploads\/2023\/06\/MaskFace_PFF-2S_Plus_Azul_cv1.jpg 257w, https:\/\/grupoairsafety.com.br\/site\/wp-content\/uploads\/2023\/06\/MaskFace_PFF-2S_Plus_Azul_cv1-150x150.jpg 150w\" sizes=\"auto, (max-width: 257px) 100vw, 257px\" \/><\/p>\n<\/div>\n<p><span style=\"font-size: revert; color: initial;\"><strong>MASKFACE PFF2S PLUS AZUL | COM V\u00c1LVULA<\/strong> C\u00f3d: 515106 | <\/span><a style=\"font-size: revert;\" href=\"https:\/\/grupoairsafety.com.br\/site\/ca\/CA_38953.pdf\" target=\"_blank\" rel=\"noopener\">CA N\u00ba 38953<\/a><span style=\"font-size: revert; color: initial;\">\u00a0\u00a0 *<\/span><a style=\"font-size: revert;\" href=\"https:\/\/grupoairsafety.com.br\/site\/et\/MASKFACE_PFF2_PLUS_CV.pdf\" target=\"_blank\" rel=\"noopener\">Especifica\u00e7\u00e3o T\u00e9cnica<\/a><\/p>\n<p><!--more--><\/p>\n<div class=\"jf_typo_title\" style=\"margin: 5px 0 20px 0;\">\n<hr \/>\n<p><strong>NORMA ATENDIDA: ABNT NBR 13698 (Pe\u00e7a semifacial filtrante para part\u00edculas).<\/strong><\/p>\n<\/div>\n<ul>\n<li><a href=\"http:\/\/grupoairsafety.com.br\/site\/manuais\/maskface.pdf\" target=\"_blank\" rel=\"noopener\"><strong>MANUAL DE USO &#8211; MASKFACE\u00a0<\/strong><\/a><\/li>\n<\/ul>\n<p><img loading=\"lazy\" decoding=\"async\" class=\"size-full wp-image-50 alignleft\" style=\"float: right;\" src=\"https:\/\/grupoairsafety.com.br\/site\/wp-content\/uploads\/2013\/05\/selo.jpg\" alt=\"\" width=\"157\" height=\"78\" \/><\/p>\n","protected":false},"excerpt":{"rendered":"<p>Respire melhor e com maior confian\u00e7a, ao utilizar a m\u00e1scara descart\u00e1vel MASKFACE. Mais uma novidade da AIR SAFETY, de avan\u00e7ada tecnologia que deixa para tr\u00e1s qualquer outro produto similar. Com seu design exclusivo, de perfeita ergonomia e comprovada performance, chega ao mercado para que n\u00e3o haja d\u00favidas na hora de escolher seu respirador semifacial descart\u00e1vel. [&hellip;]<\/p>\n","protected":false},"author":2,"featured_media":0,"parent":0,"menu_order":8,"comment_status":"closed","ping_status":"closed","template":"","meta":{"footnotes":""},"class_list":["post-57","page","type-page","status-publish","hentry"],"_links":{"self":[{"href":"https:\/\/grupoairsafety.com.br\/site\/wp-json\/wp\/v2\/pages\/57","targetHints":{"allow":["GET"]}}],"collection":[{"href":"https:\/\/grupoairsafety.com.br\/site\/wp-json\/wp\/v2\/pages"}],"about":[{"href":"https:\/\/grupoairsafety.com.br\/site\/wp-json\/wp\/v2\/types\/page"}],"author":[{"embeddable":true,"href":"https:\/\/grupoairsafety.com.br\/site\/wp-json\/wp\/v2\/users\/2"}],"replies":[{"embeddable":true,"href":"https:\/\/grupoairsafety.com.br\/site\/wp-json\/wp\/v2\/comments?post=57"}],"version-history":[{"count":48,"href":"https:\/\/grupoairsafety.com.br\/site\/wp-json\/wp\/v2\/pages\/57\/revisions"}],"predecessor-version":[{"id":1121,"href":"https:\/\/grupoairsafety.com.br\/site\/wp-json\/wp\/v2\/pages\/57\/revisions\/1121"}],"wp:attachment":[{"href":"https:\/\/grupoairsafety.com.br\/site\/wp-json\/wp\/v2\/media?parent=57"}],"curies":[{"name":"wp","href":"https:\/\/api.w.org\/{rel}","templated":true}]}}