{"id":71,"date":"2023-10-03T19:30:54","date_gmt":"2023-10-03T19:30:54","guid":{"rendered":"https:\/\/grupoairsafety.com.br\/site\/equipamentos-de-fuga-linha-evade\/"},"modified":"2025-10-15T10:14:27","modified_gmt":"2025-10-15T13:14:27","slug":"equipamentos-de-fuga-linha-evade","status":"publish","type":"page","link":"https:\/\/grupoairsafety.com.br\/site\/equipamentos-de-fuga-linha-evade\/","title":{"rendered":"Equipamentos de Fuga &#8211; Linha Evade"},"content":{"rendered":"\n<figure class=\"wp-block-image is-resized\"><img decoding=\"async\" src=\"https:\/\/grupoairsafety.com.br\/site\/wp-content\/uploads\/2021\/04\/evade-300x213.jpg\" alt=\"\" class=\"wp-image-581\" style=\"width:434px;height:auto\"\/><\/figure>\n\n\n\n<p><strong>RESPIRADOR DE FUGA II EVADE    |    AZUL     &nbsp;<strong>|<\/strong>&nbsp;C\u00d3DIGO 512029&nbsp;<strong>|<\/strong>&nbsp;<strong><a href=\"https:\/\/grupoairsafety.com.br\/site\/ca\/CA_5821.pdf\" data-type=\"page\" target=\"_blank\" rel=\"noreferrer noopener\">CA N\u00ba 5821 <\/a>|&nbsp;<a href=\"https:\/\/grupoairsafety.com.br\/site\/et\/Evade.pdf\" target=\"_blank\" rel=\"noreferrer noopener\">Especifica\u00e7\u00e3o T\u00e9cnica<\/a><\/strong><\/strong><\/p>\n\n\n\n<p><strong>RESPIRADOR DE FUGA II EVADE    | AMARELO&nbsp;<strong>|<\/strong>&nbsp;C\u00d3DIGO 514760&nbsp;<strong>|<\/strong>&nbsp;<strong><a href=\"https:\/\/grupoairsafety.com.br\/site\/ca\/CA_5821.pdf\" data-type=\"page\" target=\"_blank\" rel=\"noreferrer noopener\">CA N\u00ba 5821 <\/a>|&nbsp;<a href=\"https:\/\/grupoairsafety.com.br\/site\/et\/Evade.pdf\" target=\"_blank\" rel=\"noreferrer noopener\">Especifica\u00e7\u00e3o T\u00e9cnica<\/a><\/strong><\/strong><\/p>\n\n\n\n<p><\/p>\n\n\n\n<hr class=\"wp-block-separator has-alpha-channel-opacity\"\/>\n\n\n<div class=\"wp-block-image\">\n<figure class=\"alignleft\"><img decoding=\"async\" src=\"https:\/\/grupoairsafety.com.br\/site\/wp-content\/uploads\/2013\/05\/selo.jpg\" alt=\"\" class=\"wp-image-50\"\/><\/figure>\n<\/div>\n\n\n<p><strong>&#8220;Conforme Orienta\u00e7\u00e3o do Governo Federal Adquira Sempre Produtos Nacionais&#8221;<\/strong><\/p>\n\n\n\n<p><\/p>\n","protected":false},"excerpt":{"rendered":"<p>RESPIRADOR DE FUGA II EVADE | AZUL &nbsp;|&nbsp;C\u00d3DIGO 512029&nbsp;|&nbsp;CA N\u00ba 5821 |&nbsp;Especifica\u00e7\u00e3o T\u00e9cnica RESPIRADOR DE FUGA II EVADE | AMARELO&nbsp;|&nbsp;C\u00d3DIGO 514760&nbsp;|&nbsp;CA N\u00ba 5821 |&nbsp;Especifica\u00e7\u00e3o T\u00e9cnica &#8220;Conforme Orienta\u00e7\u00e3o do Governo Federal Adquira Sempre Produtos Nacionais&#8221;<\/p>\n","protected":false},"author":6,"featured_media":0,"parent":0,"menu_order":0,"comment_status":"closed","ping_status":"closed","template":"","meta":{"footnotes":""},"class_list":["post-71","page","type-page","status-publish","hentry"],"_links":{"self":[{"href":"https:\/\/grupoairsafety.com.br\/site\/wp-json\/wp\/v2\/pages\/71","targetHints":{"allow":["GET"]}}],"collection":[{"href":"https:\/\/grupoairsafety.com.br\/site\/wp-json\/wp\/v2\/pages"}],"about":[{"href":"https:\/\/grupoairsafety.com.br\/site\/wp-json\/wp\/v2\/types\/page"}],"author":[{"embeddable":true,"href":"https:\/\/grupoairsafety.com.br\/site\/wp-json\/wp\/v2\/users\/6"}],"replies":[{"embeddable":true,"href":"https:\/\/grupoairsafety.com.br\/site\/wp-json\/wp\/v2\/comments?post=71"}],"version-history":[{"count":10,"href":"https:\/\/grupoairsafety.com.br\/site\/wp-json\/wp\/v2\/pages\/71\/revisions"}],"predecessor-version":[{"id":1125,"href":"https:\/\/grupoairsafety.com.br\/site\/wp-json\/wp\/v2\/pages\/71\/revisions\/1125"}],"wp:attachment":[{"href":"https:\/\/grupoairsafety.com.br\/site\/wp-json\/wp\/v2\/media?parent=71"}],"curies":[{"name":"wp","href":"https:\/\/api.w.org\/{rel}","templated":true}]}}